{"id":3561,"date":"2018-02-09T15:39:17","date_gmt":"2018-02-09T14:39:17","guid":{"rendered":"https:\/\/2018.paris.wordcamp.org\/?post_type=wcb_session&#038;p=3561"},"modified":"2018-02-09T15:39:17","modified_gmt":"2018-02-09T14:39:17","slug":"table-ronde-ecommerce","status":"publish","type":"wcb_session","link":"https:\/\/paris.wordcamp.org\/2018\/session\/table-ronde-ecommerce\/","title":{"rendered":"Table Ronde eCommerce"},"content":{"rendered":"<p><span style=\"font-weight: 400\">La mise en place d\u2019une boutique en ligne pour un site WordPress n\u00e9cessitera forc\u00e9ment de choisir une extension pour enrichir le comportement natif de WordPress qui s\u2019attache surtout \u00e0 la publication et l\u2019organisation de contenus. Avez-vous mis en place une boutique ? Venez partager votre exp\u00e9rience avec ceux qui ont fait de m\u00eame ! Y-a-t-il des pr\u00e9-requis sp\u00e9cifiques avant de penser \u00e0 l\u2019extension ? Quelle extension de e-commerce choisir ? Quels sont les avantages de se baser sur WordPress pour proposer une galerie marchande ? Ces \u00e9changes pourraient d\u00e9boucher sur la r\u00e9daction d\u2019un guide ou simplement d\u2019une liste de conseils \u00e0 l\u2019attention des utilisateurs qui souhaitent lancer leur activit\u00e9 marchande.<\/span><\/p>\n<h2><span style=\"font-weight: 400\">Animateurs :<\/span><\/h2>\n<p><span style=\"font-weight: 400\">Les 10 participants \u00e0 l\u2019activit\u00e9.<\/span><\/p>\n","protected":false},"excerpt":{"rendered":"<p>La mise en place d\u2019une boutique en ligne pour un site WordPress n\u00e9cessitera forc\u00e9ment de choisir une extension pour enrichir le comportement natif de WordPress qui s\u2019attache surtout \u00e0 la publication et l\u2019organisation de contenus. Avez-vous mis en place une boutique ? Venez partager votre exp\u00e9rience avec ceux qui ont fait de m\u00eame ! Y-a-t-il &hellip; <\/p>\n<p class=\"link-more\"><a href=\"https:\/\/paris.wordcamp.org\/2018\/session\/table-ronde-ecommerce\/\" class=\"more-link\">Continuer la lecture<span class=\"screen-reader-text\"> de &laquo;&nbsp;Table Ronde eCommerce&nbsp;&raquo;<\/span><\/a><\/p>\n","protected":false},"author":6594935,"featured_media":0,"template":"","meta":{"_crdt_document":"","jetpack_post_was_ever_published":false,"_wcpt_session_time":1518164100,"_wcpt_session_duration":3000,"_wcpt_session_type":"session","_wcpt_session_slides":"","_wcpt_session_video":"","_wcpt_speaker_id":[],"footnotes":""},"session_track":[1238913],"session_category":[],"class_list":["post-3561","wcb_session","type-wcb_session","status-publish","hentry","wcb_track-openbar"],"jetpack_sharing_enabled":true,"jetpack_shortlink":"https:\/\/wp.me\/p91XyD-Vr","session_date_time":{"date":"09\/02\/2018","time":"09:15"},"session_speakers":[],"session_cats_rendered":null,"_links":{"self":[{"href":"https:\/\/paris.wordcamp.org\/2018\/wp-json\/wp\/v2\/sessions\/3561","targetHints":{"allow":["GET"]}}],"collection":[{"href":"https:\/\/paris.wordcamp.org\/2018\/wp-json\/wp\/v2\/sessions"}],"about":[{"href":"https:\/\/paris.wordcamp.org\/2018\/wp-json\/wp\/v2\/types\/wcb_session"}],"author":[{"embeddable":true,"href":"https:\/\/paris.wordcamp.org\/2018\/wp-json\/wp\/v2\/users\/6594935"}],"version-history":[{"count":1,"href":"https:\/\/paris.wordcamp.org\/2018\/wp-json\/wp\/v2\/sessions\/3561\/revisions"}],"predecessor-version":[{"id":3562,"href":"https:\/\/paris.wordcamp.org\/2018\/wp-json\/wp\/v2\/sessions\/3561\/revisions\/3562"}],"wp:attachment":[{"href":"https:\/\/paris.wordcamp.org\/2018\/wp-json\/wp\/v2\/media?parent=3561"}],"wp:term":[{"taxonomy":"wcb_track","embeddable":true,"href":"https:\/\/paris.wordcamp.org\/2018\/wp-json\/wp\/v2\/session_track?post=3561"},{"taxonomy":"wcb_session_category","embeddable":true,"href":"https:\/\/paris.wordcamp.org\/2018\/wp-json\/wp\/v2\/session_category?post=3561"}],"curies":[{"name":"wp","href":"https:\/\/api.w.org\/{rel}","templated":true}]}}