{"id":8,"date":"2017-07-31T18:03:40","date_gmt":"2017-07-31T18:03:40","guid":{"rendered":"https:\/\/2018.paris.wordcamp.org\/speakers\/"},"modified":"2018-01-11T23:01:03","modified_gmt":"2018-01-11T22:01:03","slug":"orateurs","status":"publish","type":"page","link":"https:\/\/paris.wordcamp.org\/2018\/orateurs\/","title":{"rendered":"Orateurs"},"content":{"rendered":"\n\t<div class=\"wcorg-speakers\">\n\n\t\t\n\t\t\t<!-- Organizers note: The id attribute is deprecated and only remains for backwards compatibility, please use the corresponding class to target individual speakers -->\n\t\t\t<div id=\"wcorg-speaker-maxime-bernard-jacquet\" class=\"wcorg-speaker wcorg-speaker-maxime-bernard-jacquet wcorg-track-ateliers\">\n\t\t\t\t<h2>\n\t\t\t\t\t\n\t\t\t\t\t\tMaxime Bernard-Jacquet\n\t\t\t\t\t\t\t\t\t<\/h2>\n\n\t\t\t\t<div class=\"wcorg-speaker-description\">\n\t\t\t\t\t<img alt='' src='https:\/\/secure.gravatar.com\/avatar\/d79912ef899e527c518929cc261f4f66352de7f12441cb5b66c47356cacf3d1e?s=100&#038;d=mm&#038;r=g' srcset='https:\/\/secure.gravatar.com\/avatar\/d79912ef899e527c518929cc261f4f66352de7f12441cb5b66c47356cacf3d1e?s=200&#038;d=mm&#038;r=g 2x' class='avatar avatar-100 photo' height='100' width='100' \/>\t\t\t\t\t<p>Formateur et consultant sp\u00e9cialis\u00e9 WordPress, avec 10 ans d&rsquo;exp\u00e9rience. \u00c9galement entrepreneur, d\u00e9veloppeur front\/back et organisateur du meetup Grenoble.<\/p>\n\t\t\t\t<\/div>\n\t\t\t<\/div>\n\n\t\t\n\t\t\t<!-- Organizers note: The id attribute is deprecated and only remains for backwards compatibility, please use the corresponding class to target individual speakers -->\n\t\t\t<div id=\"wcorg-speaker-kirsten-cassidy\" class=\"wcorg-speaker wcorg-speaker-kirsten-cassidy wcorg-track-ateliers\">\n\t\t\t\t<h2>\n\t\t\t\t\t\n\t\t\t\t\t\tKirsten Cassidy\n\t\t\t\t\t\t\t\t\t<\/h2>\n\n\t\t\t\t<div class=\"wcorg-speaker-description\">\n\t\t\t\t\t<img alt='' src='https:\/\/secure.gravatar.com\/avatar\/7f4345b0f6946034bd2bb14d6ee25eae437d3e14b390ff461c5179f684cea5a9?s=100&#038;d=mm&#038;r=g' srcset='https:\/\/secure.gravatar.com\/avatar\/7f4345b0f6946034bd2bb14d6ee25eae437d3e14b390ff461c5179f684cea5a9?s=200&#038;d=mm&#038;r=g 2x' class='avatar avatar-100 photo' height='100' width='100' \/>\t\t\t\t\t<p>D\u00e9veloppeur Front-end de sites et de th\u00e8mes #WordPress<\/p>\n\t\t\t\t<\/div>\n\t\t\t<\/div>\n\n\t\t\n\t\t\t<!-- Organizers note: The id attribute is deprecated and only remains for backwards compatibility, please use the corresponding class to target individual speakers -->\n\t\t\t<div id=\"wcorg-speaker-frederique-game\" class=\"wcorg-speaker wcorg-speaker-frederique-game wcorg-track-conferences\">\n\t\t\t\t<h2>\n\t\t\t\t\t\n\t\t\t\t\t\tFr\u00e9d\u00e9rique Game\n\t\t\t\t\t\t\t\t\t<\/h2>\n\n\t\t\t\t<div class=\"wcorg-speaker-description\">\n\t\t\t\t\t<img alt='' src='https:\/\/secure.gravatar.com\/avatar\/2052c832d1e68d1e93c0eade9d9d1f322fb775366edd49776636cdf2cbbd9ac0?s=100&#038;d=mm&#038;r=g' srcset='https:\/\/secure.gravatar.com\/avatar\/2052c832d1e68d1e93c0eade9d9d1f322fb775366edd49776636cdf2cbbd9ac0?s=200&#038;d=mm&#038;r=g 2x' class='avatar avatar-100 photo' height='100' width='100' \/>\t\t\t\t\t<p>Je suis designer, graphiste et consultante en communication.<\/p>\n\t\t\t\t<\/div>\n\t\t\t<\/div>\n\n\t\t\n\t\t\t<!-- Organizers note: The id attribute is deprecated and only remains for backwards compatibility, please use the corresponding class to target individual speakers -->\n\t\t\t<div id=\"wcorg-speaker-deborah-donnier\" class=\"wcorg-speaker wcorg-speaker-deborah-donnier wcorg-track-conferences\">\n\t\t\t\t<h2>\n\t\t\t\t\t\n\t\t\t\t\t\tDeborah Donnier\n\t\t\t\t\t\t\t\t\t<\/h2>\n\n\t\t\t\t<div class=\"wcorg-speaker-description\">\n\t\t\t\t\t<img alt='' src='https:\/\/secure.gravatar.com\/avatar\/6a296f50f3559e910545387385318267b4e332000d23367f11cc58f61470b430?s=100&#038;d=mm&#038;r=g' srcset='https:\/\/secure.gravatar.com\/avatar\/6a296f50f3559e910545387385318267b4e332000d23367f11cc58f61470b430?s=200&#038;d=mm&#038;r=g 2x' class='avatar avatar-100 photo' height='100' width='100' \/>\t\t\t\t\t<p>J\u2019accompagne particuliers et professionnels \u00e0 valoriser leur image publique.<\/p>\n\t\t\t\t<\/div>\n\t\t\t<\/div>\n\n\t\t\n\t\t\t<!-- Organizers note: The id attribute is deprecated and only remains for backwards compatibility, please use the corresponding class to target individual speakers -->\n\t\t\t<div id=\"wcorg-speaker-emilie-lebrun\" class=\"wcorg-speaker wcorg-speaker-emilie-lebrun wcorg-track-conferences\">\n\t\t\t\t<h2>\n\t\t\t\t\t\n\t\t\t\t\t\t\u00c9milie Lebrun\n\t\t\t\t\t\t\t\t\t<\/h2>\n\n\t\t\t\t<div class=\"wcorg-speaker-description\">\n\t\t\t\t\t<img alt='' src='https:\/\/secure.gravatar.com\/avatar\/1aec4693cf90cf2660def8692e0a0c84fa8d59380cb6e9a882b27c4b19a47ea1?s=100&#038;d=mm&#038;r=g' srcset='https:\/\/secure.gravatar.com\/avatar\/1aec4693cf90cf2660def8692e0a0c84fa8d59380cb6e9a882b27c4b19a47ea1?s=200&#038;d=mm&#038;r=g 2x' class='avatar avatar-100 photo' height='100' width='100' \/>\t\t\t\t\t<p>CEO de la Web agency Whodunit, COO de WP Media, #WordPress Addict.<\/p>\n\t\t\t\t<\/div>\n\t\t\t<\/div>\n\n\t\t\n\t\t\t<!-- Organizers note: The id attribute is deprecated and only remains for backwards compatibility, please use the corresponding class to target individual speakers -->\n\t\t\t<div id=\"wcorg-speaker-mathieu-le-roi\" class=\"wcorg-speaker wcorg-speaker-mathieu-le-roi wcorg-track-ateliers\">\n\t\t\t\t<h2>\n\t\t\t\t\t\n\t\t\t\t\t\tMathieu Le Roi\n\t\t\t\t\t\t\t\t\t<\/h2>\n\n\t\t\t\t<div class=\"wcorg-speaker-description\">\n\t\t\t\t\t<img alt='' src='https:\/\/secure.gravatar.com\/avatar\/ccf63cdc41defe9a338ef15e6a6970de0131a0347157e6188bf0d4934b9fb089?s=100&#038;d=mm&#038;r=g' srcset='https:\/\/secure.gravatar.com\/avatar\/ccf63cdc41defe9a338ef15e6a6970de0131a0347157e6188bf0d4934b9fb089?s=200&#038;d=mm&#038;r=g 2x' class='avatar avatar-100 photo' height='100' width='100' \/>\t\t\t\t\t<p>Ing\u00e9nieur d\u00e9veloppement Web<\/p>\n\t\t\t\t<\/div>\n\t\t\t<\/div>\n\n\t\t\n\t\t\t<!-- Organizers note: The id attribute is deprecated and only remains for backwards compatibility, please use the corresponding class to target individual speakers -->\n\t\t\t<div id=\"wcorg-speaker-julio-potier\" class=\"wcorg-speaker wcorg-speaker-julio-potier wcorg-track-conferences\">\n\t\t\t\t<h2>\n\t\t\t\t\t\n\t\t\t\t\t\tJulio Potier\n\t\t\t\t\t\t\t\t\t<\/h2>\n\n\t\t\t\t<div class=\"wcorg-speaker-description\">\n\t\t\t\t\t<img alt='' src='https:\/\/secure.gravatar.com\/avatar\/7f2fd2d51c2450990cb3fdfa75946d75b665b9d2bb1ddda8219009089163e321?s=100&#038;d=mm&#038;r=g' srcset='https:\/\/secure.gravatar.com\/avatar\/7f2fd2d51c2450990cb3fdfa75946d75b665b9d2bb1ddda8219009089163e321?s=200&#038;d=mm&#038;r=g 2x' class='avatar avatar-100 photo' height='100' width='100' \/>\t\t\t\t\t<p>Organisateur de ce WordCamp, non mais vraiment, tu savais pas ??<\/p>\n\t\t\t\t<\/div>\n\t\t\t<\/div>\n\n\t\t\n\t\t\t<!-- Organizers note: The id attribute is deprecated and only remains for backwards compatibility, please use the corresponding class to target individual speakers -->\n\t\t\t<div id=\"wcorg-speaker-bizingreclaire\" class=\"wcorg-speaker wcorg-speaker-bizingreclaire wcorg-track-ateliers wcorg-track-conferences\">\n\t\t\t\t<h2>\n\t\t\t\t\t\n\t\t\t\t\t\tClaire Bizingre\n\t\t\t\t\t\t\t\t\t<\/h2>\n\n\t\t\t\t<div class=\"wcorg-speaker-description\">\n\t\t\t\t\t<img alt='' src='https:\/\/secure.gravatar.com\/avatar\/28b86a04cfd9ac4c45f8735a36ec97098fa9696aeef4cd117eb49b77f7dd0b6d?s=100&#038;d=mm&#038;r=g' srcset='https:\/\/secure.gravatar.com\/avatar\/28b86a04cfd9ac4c45f8735a36ec97098fa9696aeef4cd117eb49b77f7dd0b6d?s=200&#038;d=mm&#038;r=g 2x' class='avatar avatar-100 photo' height='100' width='100' \/>\t\t\t\t\t<p>Consultante en accessibilit\u00e9 Web, D\u00e9veloppeur de th\u00e8me WordPress, Web trainer.<\/p>\n\t\t\t\t<\/div>\n\t\t\t<\/div>\n\n\t\t\n\t\t\t<!-- Organizers note: The id attribute is deprecated and only remains for backwards compatibility, please use the corresponding class to target individual speakers -->\n\t\t\t<div id=\"wcorg-speaker-riad-benguella\" class=\"wcorg-speaker wcorg-speaker-riad-benguella wcorg-track-ateliers wcorg-track-conferences\">\n\t\t\t\t<h2>\n\t\t\t\t\t\n\t\t\t\t\t\tRiad Benguella\n\t\t\t\t\t\t\t\t\t<\/h2>\n\n\t\t\t\t<div class=\"wcorg-speaker-description\">\n\t\t\t\t\t<img alt='' src='https:\/\/secure.gravatar.com\/avatar\/861898493d138e0d98ba81c4caa711380d5c5e0da303343d88785d6af4d9181a?s=100&#038;d=mm&#038;r=g' srcset='https:\/\/secure.gravatar.com\/avatar\/861898493d138e0d98ba81c4caa711380d5c5e0da303343d88785d6af4d9181a?s=200&#038;d=mm&#038;r=g 2x' class='avatar avatar-100 photo' height='100' width='100' \/>\t\t\t\t\t<p>D\u00e9veloppeur chez Automattic et membre de l&rsquo;\u00e9quipe de d\u00e9veloppement Gutenberg. Je parle couramment le JavaScript, le PHP et le WordPress.<br \/>\nQuand je ne travaille pas je code et quand je travaille je code. Il m&rsquo;arrive d&rsquo;\u00e9crire quelques articles quand je m&rsquo;ennuie. Et si je n&rsquo;ai plus de connexion internet, je sors faire un peu de VTT.<\/p>\n\t\t\t\t<\/div>\n\t\t\t<\/div>\n\n\t\t\n\t\t\t<!-- Organizers note: The id attribute is deprecated and only remains for backwards compatibility, please use the corresponding class to target individual speakers -->\n\t\t\t<div id=\"wcorg-speaker-jb-audras\" class=\"wcorg-speaker wcorg-speaker-jb-audras wcorg-track-ateliers wcorg-track-conferences\">\n\t\t\t\t<h2>\n\t\t\t\t\t\n\t\t\t\t\t\tJb Audras\n\t\t\t\t\t\t\t\t\t<\/h2>\n\n\t\t\t\t<div class=\"wcorg-speaker-description\">\n\t\t\t\t\t<img alt='' src='https:\/\/secure.gravatar.com\/avatar\/6f505c6be9a951929a99becb6b413dcfa583a5ca3dd0f7320766fee1481f0f82?s=100&#038;d=mm&#038;r=g' srcset='https:\/\/secure.gravatar.com\/avatar\/6f505c6be9a951929a99becb6b413dcfa583a5ca3dd0f7320766fee1481f0f82?s=200&#038;d=mm&#038;r=g 2x' class='avatar avatar-100 photo' height='100' width='100' \/>\t\t\t\t\t<p>Responsable technique WordPress chez Whodunit et de l&rsquo;offre de maintenance premium KeepMyWP, en tant que travailleur \u00e0 distance \u00e0 plein temps.<br \/>\nAussi d\u00e9veloppeur WordPress, auteur d\u2019extension, contributeur core &amp; meta, responsable de la traduction (GTE) France et membre de l\u2019\u00e9quipe de validation des th\u00e8mes pour w.org (TRT).<br \/>\nCo-animateur du meetup WP Dr\u00f4me-Ard\u00e8che.<br \/>\n\u2014\u00a0\u2014\u00a0\u2014<br \/>\nTechnical Manager @ Whodunit web agency as a full-time remote worker.<br \/>\nWordPress developer, plugin author, core &amp; meta contributor, General Translation Editor (GTE) France and Theme Review Team member.<br \/>\nWP Valence Dr\u00f4me-Ard\u00e8che local meetup coordinator.<\/p>\n\t\t\t\t<\/div>\n\t\t\t<\/div>\n\n\t\t\n\t\t\t<!-- Organizers note: The id attribute is deprecated and only remains for backwards compatibility, please use the corresponding class to target individual speakers -->\n\t\t\t<div id=\"wcorg-speaker-benjamin-pirson\" class=\"wcorg-speaker wcorg-speaker-benjamin-pirson wcorg-track-conferences\">\n\t\t\t\t<h2>\n\t\t\t\t\t\n\t\t\t\t\t\tBenjamin Pirson\n\t\t\t\t\t\t\t\t\t<\/h2>\n\n\t\t\t\t<div class=\"wcorg-speaker-description\">\n\t\t\t\t\t<img alt='' src='https:\/\/secure.gravatar.com\/avatar\/8f7907fd41d875cc67ee3db57b7fec0068dcb59710a0bce75ca1c15bdcc15e0a?s=100&#038;d=mm&#038;r=g' srcset='https:\/\/secure.gravatar.com\/avatar\/8f7907fd41d875cc67ee3db57b7fec0068dcb59710a0bce75ca1c15bdcc15e0a?s=200&#038;d=mm&#038;r=g 2x' class='avatar avatar-100 photo' height='100' width='100' \/>\t\t\t\t\t<p>Apr\u00e8s 4 ann\u00e9es pass\u00e9es en agence, Benjamin fonde Noomia le 1er janvier 2010. 8 ans donc qu&rsquo;il accompagne les PME et grands comptes dans la r\u00e9alisation de leur pr\u00e9sence web. D&rsquo;abord webdesigner, maintenant davantage cot\u00e9 gestion de projet, Benjamin s&rsquo;efforce de montrer (et vendre) que WordPress est une des meilleures solutions pour faire tourner un site internet.<\/p>\n\t\t\t\t<\/div>\n\t\t\t<\/div>\n\n\t\t\n\t\t\t<!-- Organizers note: The id attribute is deprecated and only remains for backwards compatibility, please use the corresponding class to target individual speakers -->\n\t\t\t<div id=\"wcorg-speaker-benjamin-lupu\" class=\"wcorg-speaker wcorg-speaker-benjamin-lupu wcorg-track-ateliers\">\n\t\t\t\t<h2>\n\t\t\t\t\t\n\t\t\t\t\t\tBenjamin Lupu\n\t\t\t\t\t\t\t\t\t<\/h2>\n\n\t\t\t\t<div class=\"wcorg-speaker-description\">\n\t\t\t\t\t<img alt='' src='https:\/\/secure.gravatar.com\/avatar\/bf8f876897b2261587545bd2066933763a8b271be1e4b87c3996c9f0734adb87?s=100&#038;d=mm&#038;r=g' srcset='https:\/\/secure.gravatar.com\/avatar\/bf8f876897b2261587545bd2066933763a8b271be1e4b87c3996c9f0734adb87?s=200&#038;d=mm&#038;r=g 2x' class='avatar avatar-100 photo' height='100' width='100' \/>\t\t\t\t\t<p>Directeur digital du groupe Jeune Afrique (m\u00e9dia), Benjamin utilise WordPress depuis 2008 pour ses projets. Il est orateur et co-organisateur lors de meetups et de WordCamps. Benjamin est \u00e9galement actif au sein du collectif Uncategorized Creations, cr\u00e9ateur de l&rsquo;extension WP-AppKit (pour r\u00e9aliser des applications mobiles et des PWA connect\u00e9es \u00e0 WordPress).<\/p>\n\t\t\t\t<\/div>\n\t\t\t<\/div>\n\n\t\t\n\t\t\t<!-- Organizers note: The id attribute is deprecated and only remains for backwards compatibility, please use the corresponding class to target individual speakers -->\n\t\t\t<div id=\"wcorg-speaker-mylene-ueda\" class=\"wcorg-speaker wcorg-speaker-mylene-ueda wcorg-track-conferences\">\n\t\t\t\t<h2>\n\t\t\t\t\t\n\t\t\t\t\t\tMyl\u00e8ne Ueda\n\t\t\t\t\t\t\t\t\t<\/h2>\n\n\t\t\t\t<div class=\"wcorg-speaker-description\">\n\t\t\t\t\t<img alt='' src='https:\/\/secure.gravatar.com\/avatar\/1173c1f72833aa7b89b8774193403436a67e396c6a51d0f0a8f877fbd9f483dc?s=100&#038;d=mm&#038;r=g' srcset='https:\/\/secure.gravatar.com\/avatar\/1173c1f72833aa7b89b8774193403436a67e396c6a51d0f0a8f877fbd9f483dc?s=200&#038;d=mm&#038;r=g 2x' class='avatar avatar-100 photo' height='100' width='100' \/>\t\t\t\t\t<p>Depuis 2014, je cr\u00e9e des sites web pour entrepreneurs solo et ind\u00e9pendants qui d\u00e9marrent leur activit\u00e9 : http:\/\/kaizenweb.fr. Au contact de ses clients et en d\u00e9veloppant ma propre activit\u00e9, j&rsquo;ai eu envie d&rsquo;aller plus loin en proposant des formations pour aider les prestataires de services \u00e0 (enfin) vivre confortablement de leur activit\u00e9.<\/p>\n<p>C&rsquo;est ainsi qu&rsquo;est n\u00e9 Kaizen Campus : https:\/\/kaizencampus.com<\/p>\n\t\t\t\t<\/div>\n\t\t\t<\/div>\n\n\t\t\n\t\t\t<!-- Organizers note: The id attribute is deprecated and only remains for backwards compatibility, please use the corresponding class to target individual speakers -->\n\t\t\t<div id=\"wcorg-speaker-nicolas-creanico\" class=\"wcorg-speaker wcorg-speaker-nicolas-creanico wcorg-track-conferences\">\n\t\t\t\t<h2>\n\t\t\t\t\t\n\t\t\t\t\t\tNicolas CreaNico\n\t\t\t\t\t\t\t\t\t<\/h2>\n\n\t\t\t\t<div class=\"wcorg-speaker-description\">\n\t\t\t\t\t<img alt='' src='https:\/\/secure.gravatar.com\/avatar\/9da1fd145b92d68123afd64811dc0dc710bc85f1593d6d45c3131760cb5d840d?s=100&#038;d=mm&#038;r=g' srcset='https:\/\/secure.gravatar.com\/avatar\/9da1fd145b92d68123afd64811dc0dc710bc85f1593d6d45c3131760cb5d840d?s=200&#038;d=mm&#038;r=g 2x' class='avatar avatar-100 photo' height='100' width='100' \/>\t\t\t\t\t<p>Nicolas est webmaster et SEO en freelance depuis 2010. Il se passionne pour le web au d\u00e9but des ann\u00e9es 2000, une \u00e9poque o\u00f9 l\u2019ADSL, les CMS et Google n\u2019existaient pas ! \u00c0 cette \u00e9poque, il surfait en modem 28k, utilisait Dreamweaver pour cr\u00e9er ses sites HTML et Lycos pour ses recherches ! Le web a \u00e9norm\u00e9ment \u00e9volu\u00e9 depuis, les CMS sont apparus et Google s\u2019est impos\u00e9 comme dictateur du web !<\/p>\n<p>En 2010, il se sp\u00e9cialise sur deux CMS qui sont WordPress et PrestaShop, toujours avec pour objectif principal l\u2019optimisation et la visibilit\u00e9 Google afin de donner un maximum de chance aux sites mis en place. Sur son site www.creanico.fr, il propose \u00e9galement des prestations d\u2019audits techniques SEO qui permettent de d\u00e9finir les points \u00e0 am\u00e9liorer, les facteurs bloquant ou p\u00e9nalisant le r\u00e9f\u00e9rencement naturel d\u2019un site web ; ainsi que des strat\u00e9gies de liens pour rapidement booster le r\u00e9f\u00e9rencement off-site d\u2019un site et donc son positionnement sur Google.<\/p>\n<p>Il participe \u00e0 de nombreux \u00e9v\u00e8nements SEO, WordPress et PrestaShop. Il est \u00e9galement conf\u00e9rencier et formateur, il intervient r\u00e9guli\u00e8rement dans les CCI et en intra-entreprise pour donner de la formation toujours autour de WordPress, PrestaShop et du r\u00e9f\u00e9rencement naturel.<\/p>\n<p>En 2017, il lance sa plateforme de netlinking : www.semjuice.com. Le but de cette plateforme est de proposer de la popularit\u00e9 par les liens aux sites qui veulent gagner en visibilit\u00e9 sur les moteurs de recherches. Cette optimisation off-site vient en compl\u00e9ment des optimisations on-site : structure et contenus pr\u00e9sents sur le site.<\/p>\n<p>N\u2019h\u00e9sitez pas \u00e0 aller \u00e0 sa rencontre pour parler de WordPress et de SEO !<\/p>\n\t\t\t\t<\/div>\n\t\t\t<\/div>\n\n\t\t\n\t\t\t<!-- Organizers note: The id attribute is deprecated and only remains for backwards compatibility, please use the corresponding class to target individual speakers -->\n\t\t\t<div id=\"wcorg-speaker-boone-gorges\" class=\"wcorg-speaker wcorg-speaker-boone-gorges wcorg-track-conferences\">\n\t\t\t\t<h2>\n\t\t\t\t\t\n\t\t\t\t\t\tBoone Gorges\n\t\t\t\t\t\t\t\t\t<\/h2>\n\n\t\t\t\t<div class=\"wcorg-speaker-description\">\n\t\t\t\t\t<img alt='' src='https:\/\/secure.gravatar.com\/avatar\/e838cb56dd0d5bc3e35fb23e5df1ec2a820923b023fdebfb39cef5ba2b9cc95d?s=100&#038;d=mm&#038;r=g' srcset='https:\/\/secure.gravatar.com\/avatar\/e838cb56dd0d5bc3e35fb23e5df1ec2a820923b023fdebfb39cef5ba2b9cc95d?s=200&#038;d=mm&#038;r=g 2x' class='avatar avatar-100 photo' height='100' width='100' \/>\t\t\t\t\t<p>Membre de l&rsquo;\u00e9quipe \u00ab\u00a0core\u00a0\u00bb pour le projet WordPress; Lead Developer du projet BuddyPress, et freelance qui travaille avec les clients qui veulent profiter de WordPress dans les domaines \u00e9ducatifs et acad\u00e9miques. Am\u00e9ricain qui parle fran\u00e7ais avec beaucoup d&rsquo;enthousiasme ainsi que beaucoup d&rsquo;erreurs.<\/p>\n\t\t\t\t<\/div>\n\t\t\t<\/div>\n\n\t\t\n\t\t\t<!-- Organizers note: The id attribute is deprecated and only remains for backwards compatibility, please use the corresponding class to target individual speakers -->\n\t\t\t<div id=\"wcorg-speaker-vincent-dubroeucq\" class=\"wcorg-speaker wcorg-speaker-vincent-dubroeucq wcorg-track-ateliers\">\n\t\t\t\t<h2>\n\t\t\t\t\t\n\t\t\t\t\t\tVincent Dubroeucq\n\t\t\t\t\t\t\t\t\t<\/h2>\n\n\t\t\t\t<div class=\"wcorg-speaker-description\">\n\t\t\t\t\t<img alt='' src='https:\/\/secure.gravatar.com\/avatar\/7a51dbacebad7a4193d5b56e68161a71f5e4bfc0b34a8cd38b24f3e4d49686fd?s=100&#038;d=mm&#038;r=g' srcset='https:\/\/secure.gravatar.com\/avatar\/7a51dbacebad7a4193d5b56e68161a71f5e4bfc0b34a8cd38b24f3e4d49686fd?s=200&#038;d=mm&#038;r=g 2x' class='avatar avatar-100 photo' height='100' width='100' \/>\t\t\t\t\t<p>D\u00e9veloppeur WordPress en freelance. Je design et d\u00e9veloppe des th\u00e8mes et extensions personnalis\u00e9s pour les clients et pour le r\u00e9pertoire officiel de WordPress.<\/p>\n\t\t\t\t<\/div>\n\t\t\t<\/div>\n\n\t\t\n\t\t\t<!-- Organizers note: The id attribute is deprecated and only remains for backwards compatibility, please use the corresponding class to target individual speakers -->\n\t\t\t<div id=\"wcorg-speaker-amaury-balmer\" class=\"wcorg-speaker wcorg-speaker-amaury-balmer wcorg-track-conferences\">\n\t\t\t\t<h2>\n\t\t\t\t\t\n\t\t\t\t\t\tAmaury Balmer\n\t\t\t\t\t\t\t\t\t<\/h2>\n\n\t\t\t\t<div class=\"wcorg-speaker-description\">\n\t\t\t\t\t<img alt='' src='https:\/\/secure.gravatar.com\/avatar\/418d53a3cb5efc3d8df7a7be9c80e92b966cf4156a9d92bd30f75ea265eb6272?s=100&#038;d=mm&#038;r=g' srcset='https:\/\/secure.gravatar.com\/avatar\/418d53a3cb5efc3d8df7a7be9c80e92b966cf4156a9d92bd30f75ea265eb6272?s=200&#038;d=mm&#038;r=g 2x' class='avatar avatar-100 photo' height='100' width='100' \/>\t\t\t\t\t<p>Passionn\u00e9, professionnel &amp; expert WordPress. Fondateur et CEO de la web agency beapi.fr<\/p>\n\t\t\t\t<\/div>\n\t\t\t<\/div>\n\n\t\t\n\t\t\t<!-- Organizers note: The id attribute is deprecated and only remains for backwards compatibility, please use the corresponding class to target individual speakers -->\n\t\t\t<div id=\"wcorg-speaker-daniel-roch\" class=\"wcorg-speaker wcorg-speaker-daniel-roch wcorg-track-conferences\">\n\t\t\t\t<h2>\n\t\t\t\t\t\n\t\t\t\t\t\tDaniel Roch\n\t\t\t\t\t\t\t\t\t<\/h2>\n\n\t\t\t\t<div class=\"wcorg-speaker-description\">\n\t\t\t\t\t<img alt='' src='https:\/\/secure.gravatar.com\/avatar\/5863025f0a980bf8d5da2971550cd367af6658d4f70e0b5ba02b1ece863b156f?s=100&#038;d=mm&#038;r=g' srcset='https:\/\/secure.gravatar.com\/avatar\/5863025f0a980bf8d5da2971550cd367af6658d4f70e0b5ba02b1ece863b156f?s=200&#038;d=mm&#038;r=g 2x' class='avatar avatar-100 photo' height='100' width='100' \/>\t\t\t\t\t<p>Cr\u00e9ateur de l&rsquo;agence WordPress et SEO SeoMix et de l&rsquo;extension SEO KEY<br \/>\nConsultant SEO et WordPress depuis 2008.<\/p>\n<p>Je suis \u00e9galement :<\/p>\n<ul>\n<li>co-cr\u00e9ateur du WP Tech, le 1er \u00e9v\u00e8nement fran\u00e7ais 100% technique d\u00e9di\u00e9 \u00e0 WordPress<\/li>\n<li>auteur du livre \u201cOptimiser son r\u00e9f\u00e9rencement WordPress\u201d (pr\u00e9face d\u2019Olivier Andrieu)<\/li>\n<li>formateur aupr\u00e8s de professionnels et en \u00e9coles (IDRAC, IAE, WIS, EMA, etc.)<\/li>\n<li>orateur r\u00e9cidiviste (WordCamps, SEO CAMP, SMX Paris, QueDuWeb, etc.)<\/li>\n<li>WordPress Fan Boy &amp; SEO Addict<\/li>\n<\/ul>\n\t\t\t\t<\/div>\n\t\t\t<\/div>\n\n\t\t\n\t\t\t<!-- Organizers note: The id attribute is deprecated and only remains for backwards compatibility, please use the corresponding class to target individual speakers -->\n\t\t\t<div id=\"wcorg-speaker-juan-pablo-gomez\" class=\"wcorg-speaker wcorg-speaker-juan-pablo-gomez wcorg-track-ateliers\">\n\t\t\t\t<h2>\n\t\t\t\t\t\n\t\t\t\t\t\tJuan Pablo Gomez\n\t\t\t\t\t\t\t\t\t<\/h2>\n\n\t\t\t\t<div class=\"wcorg-speaker-description\">\n\t\t\t\t\t<img alt='' src='https:\/\/secure.gravatar.com\/avatar\/3c650ff4c58f405cf9b15494238198d765745a66a27478e8e46f698c43a7e83f?s=100&#038;d=mm&#038;r=g' srcset='https:\/\/secure.gravatar.com\/avatar\/3c650ff4c58f405cf9b15494238198d765745a66a27478e8e46f698c43a7e83f?s=200&#038;d=mm&#038;r=g 2x' class='avatar avatar-100 photo' height='100' width='100' \/>\t\t\t\t\t<p>NYC based Web Designer. Built my first table-based site in 2004. Currently designing for FC Harlem, New York City FC. UX Design Mentor at Bloc.io<\/p>\n\t\t\t\t<\/div>\n\t\t\t<\/div>\n\n\t\t\n\t\t\t<!-- Organizers note: The id attribute is deprecated and only remains for backwards compatibility, please use the corresponding class to target individual speakers -->\n\t\t\t<div id=\"wcorg-speaker-tony-archambeau\" class=\"wcorg-speaker wcorg-speaker-tony-archambeau wcorg-track-conferences\">\n\t\t\t\t<h2>\n\t\t\t\t\t\n\t\t\t\t\t\tTony Archambeau\n\t\t\t\t\t\t\t\t\t<\/h2>\n\n\t\t\t\t<div class=\"wcorg-speaker-description\">\n\t\t\t\t\t<img alt='' src='https:\/\/secure.gravatar.com\/avatar\/4b1c4a191845391141271b62ac10089ffbfbd4090ef94d2b5ba6a4d2e802db39?s=100&#038;d=mm&#038;r=g' srcset='https:\/\/secure.gravatar.com\/avatar\/4b1c4a191845391141271b62ac10089ffbfbd4090ef94d2b5ba6a4d2e802db39?s=200&#038;d=mm&#038;r=g 2x' class='avatar avatar-100 photo' height='100' width='100' \/>\t\t\t\t\t<p>Initialement d\u00e9veloppeur web de m\u00e9tier, Tony est \u00e0 pr\u00e9sent entrepreneur depuis 2014. Apr\u00e8s avoir lanc\u00e9 son activit\u00e9, c&rsquo;est avec un oeil nouveau qu&rsquo;il exploite WordPress. Cette activit\u00e9 lui a permis de faire de nombreuses rencontres. Cela lui a \u00e9galement permis de d\u00e9couvrir des projets ou id\u00e9es, port\u00e9es par des personnes extr\u00eamement passionn\u00e9es et motiv\u00e9es. Mais les solutions techniques pour mettre en place ces id\u00e9es ne sont pas connues de tous, ce qui m\u00e9rite de petites explications au sein de ce WordCamp Paris.<\/p>\n\t\t\t\t<\/div>\n\t\t\t<\/div>\n\n\t\t\n\t\t\t<!-- Organizers note: The id attribute is deprecated and only remains for backwards compatibility, please use the corresponding class to target individual speakers -->\n\t\t\t<div id=\"wcorg-speaker-bilal-sebaa\" class=\"wcorg-speaker wcorg-speaker-bilal-sebaa wcorg-track-ateliers\">\n\t\t\t\t<h2>\n\t\t\t\t\t\n\t\t\t\t\t\tBilal Sebaa\n\t\t\t\t\t\t\t\t\t<\/h2>\n\n\t\t\t\t<div class=\"wcorg-speaker-description\">\n\t\t\t\t\t<img alt='' src='https:\/\/secure.gravatar.com\/avatar\/9fdcd61f5e951c4d7f253e8388a9e47c48ac242b91a9d110ed66f20e71f204bb?s=100&#038;d=mm&#038;r=g' srcset='https:\/\/secure.gravatar.com\/avatar\/9fdcd61f5e951c4d7f253e8388a9e47c48ac242b91a9d110ed66f20e71f204bb?s=200&#038;d=mm&#038;r=g 2x' class='avatar avatar-100 photo' height='100' width='100' \/>\t\t\t\t\t<p>Expert #SEO certifi\u00e9 #CESEO \/ #AdWords sp\u00e9cialiste agr\u00e9\u00e9 \/ #WebAnalytics \/ Happy Search Junky @be_api \/ #BHSEO en dehors des heures de travail.<\/p>\n<p><!-- #item-meta --><\/p>\n<p><!-- .main-column --><\/p>\n<p><!-- .inner-tube --><br \/>\n<!-- .vcard --><\/p>\n<p><!-- #item-body --><\/p>\n<p><!-- .padder --><br \/>\n<!-- #content --><\/p>\n\t\t\t\t<\/div>\n\t\t\t<\/div>\n\n\t\t\n\t<\/div>\n\n\t\n","protected":false},"excerpt":{"rendered":"","protected":false},"author":6594935,"featured_media":0,"parent":0,"menu_order":0,"comment_status":"closed","ping_status":"closed","template":"","meta":{"_crdt_document":"","jetpack_post_was_ever_published":false,"footnotes":""},"class_list":["post-8","page","type-page","status-publish","hentry"],"jetpack_sharing_enabled":true,"jetpack_shortlink":"https:\/\/wp.me\/P91XyD-8","_links":{"self":[{"href":"https:\/\/paris.wordcamp.org\/2018\/wp-json\/wp\/v2\/pages\/8","targetHints":{"allow":["GET"]}}],"collection":[{"href":"https:\/\/paris.wordcamp.org\/2018\/wp-json\/wp\/v2\/pages"}],"about":[{"href":"https:\/\/paris.wordcamp.org\/2018\/wp-json\/wp\/v2\/types\/page"}],"author":[{"embeddable":true,"href":"https:\/\/paris.wordcamp.org\/2018\/wp-json\/wp\/v2\/users\/6594935"}],"replies":[{"embeddable":true,"href":"https:\/\/paris.wordcamp.org\/2018\/wp-json\/wp\/v2\/comments?post=8"}],"version-history":[{"count":2,"href":"https:\/\/paris.wordcamp.org\/2018\/wp-json\/wp\/v2\/pages\/8\/revisions"}],"predecessor-version":[{"id":2057,"href":"https:\/\/paris.wordcamp.org\/2018\/wp-json\/wp\/v2\/pages\/8\/revisions\/2057"}],"wp:attachment":[{"href":"https:\/\/paris.wordcamp.org\/2018\/wp-json\/wp\/v2\/media?parent=8"}],"curies":[{"name":"wp","href":"https:\/\/api.w.org\/{rel}","templated":true}]}}