{"id":12,"date":"2017-07-31T18:03:40","date_gmt":"2017-07-31T18:03:40","guid":{"rendered":"https:\/\/2018.paris.wordcamp.org\/organizers\/"},"modified":"2018-01-12T16:17:11","modified_gmt":"2018-01-12T15:17:11","slug":"organisateurs","status":"publish","type":"page","link":"https:\/\/paris.wordcamp.org\/2018\/organisateurs\/","title":{"rendered":"Les organisateurs"},"content":{"rendered":"<h1>Coordination de l\u2019ensemble<\/h1>\n\t<div class=\"wcorg-organizers\">\n\n\t\t\n\t\t\t<div class=\"wcorg-organizer\">\n\t\t\t\t<h2>Mathieu Viet<\/h2>\n\t\t\t\t<div class=\"wcorg-organizer-description\">\n\t\t\t\t\t\t\t\t\t\t<img alt='' src='https:\/\/secure.gravatar.com\/avatar\/31b3c1a05559fa8d6432e64ec1ba2884047ed82589c42201d9df8a49eb5391f3?s=100&#038;d=mm&#038;r=g' srcset='https:\/\/secure.gravatar.com\/avatar\/31b3c1a05559fa8d6432e64ec1ba2884047ed82589c42201d9df8a49eb5391f3?s=200&#038;d=mm&#038;r=g 2x' class='avatar avatar-100 photo' height='100' width='100' \/>\t\t\t\t\t<p>Mathieu \u00ab imath \u00bb Viet est un auteur d&rsquo;extensions WordPress \/ BuddyPress \/ bbPress.<\/p>\n<p>Avec deux de ses amis, il participe \u00e0 l&rsquo;animation d&rsquo;un podcast mensuel sur <a href=\"http:\/\/veryfrenchtrip.com\" target=\"_blank\" rel=\"noopener\">veryfrenchtrip.com<\/a> et est l\u2019un des membres fondateurs de l\u2019association WP Paris, une association visant \u00e0 organiser des meetups avec les amateurs de WordPress vivant dans et autour de la ville de Paris.<\/p>\n<p>Mathieu blogue sur <a href=\"https:\/\/imathi.eu\/\" target=\"_blank\" rel=\"noopener\">imathi.eu<\/a><\/p>\n<p>En savoir plus sur <a href=\"https:\/\/2018.paris.wordcamp.org\/2017\/11\/09\/mathieu-viet-coordinateur-du-worcamp-paris-2018\/\">Mathieu<\/a><\/p>\n\t\t\t\t<\/div>\n\t\t\t<\/div>\n\n\t\t\n\t<\/div><!-- .wcorg-organizers -->\n\t\n<h1>Animation des Orateur\u00b7e\u00b7s<\/h1>\n\t<div class=\"wcorg-organizers\">\n\n\t\t\n\t\t\t<div class=\"wcorg-organizer\">\n\t\t\t\t<h2>Sylvie Cl\u00e9ment<\/h2>\n\t\t\t\t<div class=\"wcorg-organizer-description\">\n\t\t\t\t\t\t\t\t\t\t<img alt='' src='https:\/\/secure.gravatar.com\/avatar\/a1f09f74cc13e36be4aa0edc7ce56b7e6f38139058e776449ea2389562f0a882?s=100&#038;d=mm&#038;r=g' srcset='https:\/\/secure.gravatar.com\/avatar\/a1f09f74cc13e36be4aa0edc7ce56b7e6f38139058e776449ea2389562f0a882?s=200&#038;d=mm&#038;r=g 2x' class='avatar avatar-100 photo' height='100' width='100' \/>\t\t\t\t\t<p>Ing\u00e9nieure, Sylvie a d&rsquo;abord travaill\u00e9\u00a0 20 ans dans la DSI d&rsquo;une grande entreprise, tout en cr\u00e9ant des sites communautaires autour de ses loisirs. C&rsquo;est ainsi qu&rsquo;elle a d\u00e9couvert le monde de l&rsquo;open-source et en particulier de WordPress.<\/p>\n<p>Freelance depuis 5 ans avec <a href=\"http:\/\/www.oelita.fr\" target=\"_blank\" rel=\"noopener\">Oelita sites Web<\/a>, elle cr\u00e9e des sites sur-mesure pour des entreprises et des associations. Elle est \u00e9galement prestataire aupr\u00e8s d&rsquo;agences web pour son expertise en d\u00e9veloppement de sites communautaires et r\u00e9seaux sociaux th\u00e9matiques avec BuddyPress.<\/p>\n<p>Bas\u00e9e en Seine-et-Marne, elle participe r\u00e9guli\u00e8rement aux meetups parisiens, et a cr\u00e9\u00e9 r\u00e9cemment un meetup \u00e0 Melun. Conf\u00e9renci\u00e8re, elle a \u00e9t\u00e9 2 fois oratrice pour le WordCamp Paris.<\/p>\n<p>En savoir plus sur <a href=\"https:\/\/2018.paris.wordcamp.org\/2017\/11\/21\/sylvie-clement-et-le-diner-des-orateurs\/\">Sylvie<\/a><\/p>\n\t\t\t\t<\/div>\n\t\t\t<\/div>\n\n\t\t\n\t\t\t<div class=\"wcorg-organizer\">\n\t\t\t\t<h2>Julio Potier<\/h2>\n\t\t\t\t<div class=\"wcorg-organizer-description\">\n\t\t\t\t\t\t\t\t\t\t<img alt='' src='https:\/\/secure.gravatar.com\/avatar\/7f2fd2d51c2450990cb3fdfa75946d75b665b9d2bb1ddda8219009089163e321?s=100&#038;d=mm&#038;r=g' srcset='https:\/\/secure.gravatar.com\/avatar\/7f2fd2d51c2450990cb3fdfa75946d75b665b9d2bb1ddda8219009089163e321?s=200&#038;d=mm&#038;r=g 2x' class='avatar avatar-100 photo' height='100' width='100' \/>\t\t\t\t\t<p><strong>Julio Potier<\/strong> est un s\u00e9rial orateur, formateur WordPress, consultant en s\u00e9curit\u00e9, et cr\u00e9ateur du plugin de s\u00e9curit\u00e9 WordPress <a href=\"https:\/\/secupress.me\/fr\/\" target=\"_blank\" rel=\"noopener nofollow\">SecuPress<\/a>.<\/p>\n<p>Il d\u00e9veloppe et s\u00e9curise du contenu web tous les jours. La cr\u00e9ation de plugins WordPress et la vente de produits WordPress font partie de son quotidien.<\/p>\n<p>Il partage tout ce qu&rsquo;il peut sur ses diff\u00e9rents blogs comme <a href=\"https:\/\/boiteaweb.fr\" target=\"_blank\" rel=\"noopener\">boiteaweb.fr<\/a> le blog technique, <a href=\"https:\/\/management79.net\" target=\"_blank\" rel=\"noopener\">management79.net<\/a> le blog leadership, et plus r\u00e9cemment via son magazine papier le <a href=\"https:\/\/boiteaweb.fr\/le-loup-du-soir\" target=\"_blank\" rel=\"noopener\">Loup du Soir<\/a>.<\/p>\n<p>Gr\u00e2ce \u00e0 l&rsquo;exp\u00e9rience de sa quinzaine de conf\u00e9rences pass\u00e9es, Julio s&rsquo;occupe cette ann\u00e9e des orateurs pour son plus grand plaisir.<\/p>\n<p>En savoir plus sur <a href=\"https:\/\/2018.paris.wordcamp.org\/2017\/11\/02\/julio-potier-et-lencadrement-des-orateurs\/\">Julio<\/a><\/p>\n\t\t\t\t<\/div>\n\t\t\t<\/div>\n\n\t\t\n\t<\/div><!-- .wcorg-organizers -->\n\t\n<h1>Encadrement des b\u00e9n\u00e9voles<\/h1>\n\t<div class=\"wcorg-organizers\">\n\n\t\t\n\t\t\t<div class=\"wcorg-organizer\">\n\t\t\t\t<h2>Florian Chambolle<\/h2>\n\t\t\t\t<div class=\"wcorg-organizer-description\">\n\t\t\t\t\t\t\t\t\t\t<img alt='' src='https:\/\/secure.gravatar.com\/avatar\/2ae1bf23a3043ea1bd3f23a0391885cf56f8c21492a4dbb37f63b2611f665353?s=100&#038;d=mm&#038;r=g' srcset='https:\/\/secure.gravatar.com\/avatar\/2ae1bf23a3043ea1bd3f23a0391885cf56f8c21492a4dbb37f63b2611f665353?s=200&#038;d=mm&#038;r=g 2x' class='avatar avatar-100 photo' height='100' width='100' \/>\t\t\t\t\t<p>Chef de projet digital, Consultant &amp; Formateur WordPress depuis 2012, j&rsquo;adore \u00eatre une couteau suisse (call me MacGyver dude !).<\/p>\n<p>Apr\u00e8s des \u00e9tudes et une longue exp\u00e9rience en commerce et marketing, j&rsquo;ai obtenu un Bachelor Chef de Projet Multim\u00e9dia avec L&rsquo;Institut de l&rsquo;Internet et du Multim\u00e9dia L\u00e9onard de Vinci.<\/p>\n<p>D\u00e9j\u00e0 b\u00e9n\u00e9vole pour le <strong>WordCamp Lyon<\/strong> et le <strong>Blend Web Mix<\/strong>, adh\u00e9rent de l&rsquo;association <a href=\"http:\/\/wpnormandie.fr\" target=\"_blank\" rel=\"noopener\"><strong>WPNormandie<\/strong><\/a>, j&rsquo;encadrerai cette ann\u00e9e les orateurs du <strong>WordCamp Paris<\/strong>.<\/p>\n<p>Vous pouvez suivre mon actualit\u00e9\u00a0<a href=\"https:\/\/florianchambolle.fr\" target=\"_blank\" rel=\"noopener\">ICI<\/a>.<\/p>\n\t\t\t\t<\/div>\n\t\t\t<\/div>\n\n\t\t\n\t<\/div><!-- .wcorg-organizers -->\n\t\n<h1>Design<\/h1>\n\n<h1>Soin des participant\u00b7e\u00b7s<\/h1>\n\t<div class=\"wcorg-organizers\">\n\n\t\t\n\t\t\t<div class=\"wcorg-organizer\">\n\t\t\t\t<h2>Thierry Pigot<\/h2>\n\t\t\t\t<div class=\"wcorg-organizer-description\">\n\t\t\t\t\t\t\t\t\t\t<img alt='' src='https:\/\/secure.gravatar.com\/avatar\/6c51f524d64cabe361c9fd08fa481f5c542907c8abea3732966b1da1cee8220c?s=100&#038;d=mm&#038;r=g' srcset='https:\/\/secure.gravatar.com\/avatar\/6c51f524d64cabe361c9fd08fa481f5c542907c8abea3732966b1da1cee8220c?s=200&#038;d=mm&#038;r=g 2x' class='avatar avatar-100 photo' height='100' width='100' \/>\t\t\t\t\t<p><a href=\"http:\/\/www.thierry-pigot.fr\/\" target=\"_blank\" rel=\"noopener\">Expert du CMS WordPress<\/a> depuis 2005.<\/p>\n<p>Sp\u00e9cialiste en architecture de sites WordPress, il conseille et accompagne au quotidien nos clients et entreprises dans leurs probl\u00e9matiques fonctionnelles et techniques.<\/p>\n<p>Manager de l\u2019\u00e9quipe technique, garant de la qualit\u00e9 des d\u00e9veloppements livr\u00e9s, il assure le suivi de la production de l\u2019ensemble des projets de l\u2019<a href=\"https:\/\/www.wearewp.pro\" target=\"_blank\" rel=\"noopener\">agence WordPress<\/a> WeAreWP.<\/p>\n<p>Membre de l\u2019\u00e9quipe organisatrice, conf\u00e9rencier et animateur d\u2019\u00e9v\u00e9nements locaux, il participe activement aux \u00e9v\u00e9nements de la communaut\u00e9 WordPress en France et \u00e0 l\u2019\u00e9tranger (WordCamp, Meetup, Barcamp, WPtech \u2026).<\/p>\n<p>En savoir plus sur <a href=\"https:\/\/2018.paris.wordcamp.org\/2017\/11\/06\/thierry-pigot-et-les-participants\/\">Thierry<\/a><\/p>\n\t\t\t\t<\/div>\n\t\t\t<\/div>\n\n\t\t\n\t\t\t<div class=\"wcorg-organizer\">\n\t\t\t\t<h2>Marc Saffar<\/h2>\n\t\t\t\t<div class=\"wcorg-organizer-description\">\n\t\t\t\t\t\t\t\t\t\t<img alt='' src='https:\/\/secure.gravatar.com\/avatar\/6ac7a67a4482df81c7b50926fae3f7345ff57ce1d1e17aacf5875b96bfe42b2c?s=100&#038;d=mm&#038;r=g' srcset='https:\/\/secure.gravatar.com\/avatar\/6ac7a67a4482df81c7b50926fae3f7345ff57ce1d1e17aacf5875b96bfe42b2c?s=200&#038;d=mm&#038;r=g 2x' class='avatar avatar-100 photo' height='100' width='100' \/>\t\t\t\t\t<p><a href=\"http:\/\/www.marcsaffar.com\/\" target=\"_blank\" rel=\"noopener\">Marc<\/a> est graphiste et imprimeur \u00e0 Paris, pr\u00e8s du Canal Saint-Martin. Il valorise votre identit\u00e9 visuelle sur papier et sur vos sites internet.<\/p>\n<p>Marc est par ailleurs un membre actif de l&rsquo;association <a href=\"https:\/\/wpparis.fr\" target=\"_blank\" rel=\"noopener\">WP Paris<\/a>.<\/p>\n<p>En savoir plus sur <a href=\"https:\/\/2018.paris.wordcamp.org\/2018\/01\/05\/marc-saffar-et-la-restauration\/\">Marc<\/a>.<\/p>\n\t\t\t\t<\/div>\n\t\t\t<\/div>\n\n\t\t\n\t\t\t<div class=\"wcorg-organizer\">\n\t\t\t\t<h2>Florent Christophe<\/h2>\n\t\t\t\t<div class=\"wcorg-organizer-description\">\n\t\t\t\t\t\t\t\t\t\t<img alt='' src='https:\/\/secure.gravatar.com\/avatar\/6f97ba4930244c0516b4a7928471bbca2637cda4643c3801c50f656570fa6cad?s=100&#038;d=mm&#038;r=g' srcset='https:\/\/secure.gravatar.com\/avatar\/6f97ba4930244c0516b4a7928471bbca2637cda4643c3801c50f656570fa6cad?s=200&#038;d=mm&#038;r=g 2x' class='avatar avatar-100 photo' height='100' width='100' \/>\t\t\t\t\t<p>D\u00e9couvrant le web en 1996 au cours d&rsquo;un long s\u00e9jour en Californie, ce n&rsquo;est qu&rsquo;en 2001 qu&rsquo;il s&rsquo;inscrit \u00e0 la MDA puis fonde en 2003 la soci\u00e9t\u00e9 <a href=\"http:\/\/www.audacy.fr\/\" target=\"_blank\" rel=\"noopener\">Audacy<\/a> en parall\u00e8le d&rsquo;un Master en management NTIC \u00e0 l&rsquo;EPITA. Autodidacte, il r\u00e9alise de nombreuses cr\u00e9ations graphiques, et se forme au d\u00e9veloppement HTML, CSS et Flash.<\/p>\n<p>Studio graphique puis agence digitale, <a href=\"http:\/\/www.audacy.fr\/\" target=\"_blank\" rel=\"noopener\">Audacy<\/a> se concentre d\u00e8s 2008 sur la conduite de projets innovants aupr\u00e8s de startups et de grands groupes. C&rsquo;est dans le cadre d&rsquo;un de ces projets (plateforme de bande dessin\u00e9e) qu&rsquo;il d\u00e9couvre wordpress en 2008. Mais ce n&rsquo;est qu&rsquo;en 2010 qu&rsquo;il d\u00e9veloppe son premier projet wordpress qui devient alors le CMS de r\u00e9f\u00e9rence pour tout ses projets digitaux.<\/p>\n<p>Aujourd&rsquo;hui sp\u00e9cialis\u00e9 dans la conduite de l&rsquo;innovation de produits et de services digitaux, il se concentre sur ses expertises : conduite d&rsquo;ateliers d&rsquo;ideation et de co-conception, design UI et UX, prototype. WordPress reste une solution de gestion de contenu fr\u00e9quente pour mener \u00e0 bien ses projets.<\/p>\n<p>Membre de l&rsquo;association WP Paris, <a href=\"http:\/\/www.flchristophe.com\" target=\"_blank\" rel=\"noopener\">Florent<\/a> participe aux \u00e9v\u00e9nements de la communaut\u00e9 WordPress depuis 2012.<\/p>\n<p>En savoir plus sur <a href=\"https:\/\/2018.paris.wordcamp.org\/2017\/12\/11\/florent-christophe-et-lafter-party\/\">Florent<\/a>.<\/p>\n\t\t\t\t<\/div>\n\t\t\t<\/div>\n\n\t\t\n\t<\/div><!-- .wcorg-organizers -->\n\t\n<h1>Sponsors<\/h1>\n\t<div class=\"wcorg-organizers\">\n\n\t\t\n\t\t\t<div class=\"wcorg-organizer\">\n\t\t\t\t<h2>Laurent Vergnaud<\/h2>\n\t\t\t\t<div class=\"wcorg-organizer-description\">\n\t\t\t\t\t\t\t\t\t\t<img alt='' src='https:\/\/secure.gravatar.com\/avatar\/ad40a25d3c8620bc5b32c7c2f1c6e0267198bd8ed68d3c97acc56ac092ad7d6d?s=100&#038;d=mm&#038;r=g' srcset='https:\/\/secure.gravatar.com\/avatar\/ad40a25d3c8620bc5b32c7c2f1c6e0267198bd8ed68d3c97acc56ac092ad7d6d?s=200&#038;d=mm&#038;r=g 2x' class='avatar avatar-100 photo' height='100' width='100' \/>\t\t\t\t\t<p class=\"p1\">Apr\u00e8s 5 ans en agences digitales et en tant que freelance WordPress, Laurent Vergnaud anime pendant 2 ans un acc\u00e9l\u00e9rateur de startups et cr\u00e9e <a href=\"https:\/\/www.themecloud.io\" target=\"_blank\" rel=\"noopener nofollow\"><span class=\"s1\">Themecloud.io<\/span><\/a>, une plateforme d\u2019h\u00e9bergement proposant du support en temps r\u00e9el et des outils pour simplifier la vie des professionnels WordPress.<\/p>\n<p class=\"p1\">Il passe ses journ\u00e9es (et parfois ses nuits) \u00e0 aider freelances et agences \u00e0 cr\u00e9er, maintenir et optimiser leurs sites WordPress.<\/p>\n<p class=\"p1\">Adepte des WordCamp et des <a href=\"https:\/\/www.meetup.com\/fr-FR\/wordpress-ile-de-france\/\" target=\"_blank\" rel=\"noopener\">Meetup WordPress Paris<\/a> il a \u00e9t\u00e9 conf\u00e9rencier lors du dernier WordCamp Paris, b\u00e9n\u00e9vole lors du dernier WordCamp Europe et rejoint cette ann\u00e9e l\u2019\u00e9quipe organisatrice pour s\u2019occuper des sponsors.<\/p>\n<p>En savoir plus sur <a href=\"https:\/\/2018.paris.wordcamp.org\/2017\/11\/30\/laurent-vergnaud-et-les-sponsors\/\">Laurent<\/a>.<\/p>\n\t\t\t\t<\/div>\n\t\t\t<\/div>\n\n\t\t\n\t<\/div><!-- .wcorg-organizers -->\n\t\n<h1>Promotion<\/h1>\n\t<div class=\"wcorg-organizers\">\n\n\t\t\n\t\t\t<div class=\"wcorg-organizer\">\n\t\t\t\t<h2>Val\u00e9rie Galassi<\/h2>\n\t\t\t\t<div class=\"wcorg-organizer-description\">\n\t\t\t\t\t\t\t\t\t\t<img alt='' src='https:\/\/secure.gravatar.com\/avatar\/604d3fd8a6af4266789b1a63b9e4539a7bcdd999149f81beb9dab20b336e7e0a?s=100&#038;d=mm&#038;r=g' srcset='https:\/\/secure.gravatar.com\/avatar\/604d3fd8a6af4266789b1a63b9e4539a7bcdd999149f81beb9dab20b336e7e0a?s=200&#038;d=mm&#038;r=g 2x' class='avatar avatar-100 photo' height='100' width='100' \/>\t\t\t\t\t<p>Apr\u00e8s des \u00e9tudes en Arts Appliqu\u00e9s, puis en Histoire de l\u2019Art et Arch\u00e9ologie, Val\u00e9rie Galassi a\u00a0d\u00e9couvert le monde du Web en 1999 en travaillant pour une start-up ayant cr\u00e9\u00e9 le premier site de communaut\u00e9s virtuelles.<\/p>\n<p>Apr\u00e8s l\u2019\u00e9clatement de la bulle internet, elle se tourne vers le print, d\u2019abord dans une entreprise de marketing direct, comme chef de fabrication et coordinatrice de projet, puis en free lance comme graphiste.<\/p>\n<p>Au cours de ces ann\u00e9es, le web n\u2019\u00e9tait jamais bien loin. Elle a commenc\u00e9 par se plonger dans le HTML en autodidacte, pour finalement reprendre ses \u00e9tudes et apprendre la gestion de projet web et les langages de programmation.<\/p>\n<p>Val\u00e9rie Galassi a\u00a0commenc\u00e9 \u00e0 utiliser WordPress en 2011 pour la cr\u00e9ation de son <a href=\"http:\/\/www.chapitre-onze.fr\/\" target=\"_blank\" rel=\"noopener\">blog personnel de litt\u00e9rature.<\/a><\/p>\n<p>Aujourd\u2019hui, <a href=\"http:\/\/valerie-galassi.com\/\" target=\"_blank\" rel=\"noopener\">elle est int\u00e9gratrice front-end freelance<\/a> et a fait de WordPress son outil de cr\u00e9ation web. Elle enseigne cet outil dans une \u00e9cole et fais partie des \u00e9quipes organisatrices d\u2019\u00e9v\u00e9nements autour de WordPress (Meetups, WordCamp).<\/p>\n<p>En savoir plus sur <a href=\"https:\/\/2018.paris.wordcamp.org\/2017\/11\/16\/valerie-galassi-et-la-promotion-du-wordcamp\/\">Val\u00e9rie<\/a><\/p>\n<p>&nbsp;<\/p>\n\t\t\t\t<\/div>\n\t\t\t<\/div>\n\n\t\t\n\t<\/div><!-- .wcorg-organizers -->\n\t\n<h1>Photos \u2013 Vid\u00e9os<\/h1>\n\t<div class=\"wcorg-organizers\">\n\n\t\t\n\t\t\t<div class=\"wcorg-organizer\">\n\t\t\t\t<h2>Olivier Gobet<\/h2>\n\t\t\t\t<div class=\"wcorg-organizer-description\">\n\t\t\t\t\t\t\t\t\t\t<img alt='' src='https:\/\/secure.gravatar.com\/avatar\/d360bb2b369b932d91f91e2a79bd924c7331f709fa455f2dae5b1f8a74ad5b3b?s=100&#038;d=mm&#038;r=g' srcset='https:\/\/secure.gravatar.com\/avatar\/d360bb2b369b932d91f91e2a79bd924c7331f709fa455f2dae5b1f8a74ad5b3b?s=200&#038;d=mm&#038;r=g 2x' class='avatar avatar-100 photo' height='100' width='100' \/>\t\t\t\t\t<p>Olivier est g\u00e9rant de la sarl Gd6d. Il habite dans le Gers en France et travaille dans le web depuis 2000. Pour ses clients, il imagine, construis et accompagne le d\u00e9veloppement d\u2019une pr\u00e9sence r\u00e9ussie sur le web avec WordPress.<\/p>\n<p>Membre du staff WordCamp Paris depuis 2014.<\/p>\n<p>En savoir plus sur <a href=\"https:\/\/2018.paris.wordcamp.org\/2017\/12\/07\/olivier-gobet-et-la-photo-video\/\">Olivier<\/a>.<\/p>\n\t\t\t\t<\/div>\n\t\t\t<\/div>\n\n\t\t\n\t<\/div><!-- .wcorg-organizers -->\n\t\n<h1>Logistique<\/h1>\n\t<div class=\"wcorg-organizers\">\n\n\t\t\n\t\t\t<div class=\"wcorg-organizer\">\n\t\t\t\t<h2>\u00c9ric Martin<\/h2>\n\t\t\t\t<div class=\"wcorg-organizer-description\">\n\t\t\t\t\t\t\t\t\t\t<img alt='' src='https:\/\/secure.gravatar.com\/avatar\/b41b5325191f4fcc272452d6cae7a816bbecb7b1944ec12d999c93e48c6a4fb0?s=100&#038;d=mm&#038;r=g' srcset='https:\/\/secure.gravatar.com\/avatar\/b41b5325191f4fcc272452d6cae7a816bbecb7b1944ec12d999c93e48c6a4fb0?s=200&#038;d=mm&#038;r=g 2x' class='avatar avatar-100 photo' height='100' width='100' \/>\t\t\t\t\t<p>Apr\u00e8s un passage aux <a href=\"https:\/\/www.ensba-lyon.fr\" target=\"_blank\" rel=\"noopener\">Beaux-Arts de Lyon<\/a>, \u00c9ric Martin a enseign\u00e9 la s\u00e9rigraphie \u00e0 l&rsquo;<a href=\"http:\/\/www.ensapc.fr\/fr\/\" target=\"_blank\" rel=\"noopener\">\u00c9cole nationale sup\u00e9rieure d&rsquo;arts de Paris-Cergy<\/a>\u00a0puis travaill\u00e9 comme graphiste et chef de projet sur des missions web et print dans une agence valdoisienne pendant 6 ans. Il est graphiste freelance depuis 2006.<\/p>\n<p>Il a d\u00e9couvert <a href=\"https:\/\/wordpress.org\" target=\"_blank\" rel=\"noopener\">WordPress<\/a> en 2010 et s&rsquo;appuie d\u00e9sormais sur ce CMS pour la cr\u00e9ation de sites web.\u00a0Il intervient en tant que <a href=\"https:\/\/eric-martin-graphiste.info\" target=\"_blank\" rel=\"noopener\">formateur ind\u00e9pendant sur WordPress<\/a> depuis 2015. Il aime avant tout partager ses connaissances sur ce sujet passionnant !<\/p>\n<p>\u00c9ric Martin est un membre actif de l&rsquo;association\u00a0<a href=\"https:\/\/wpparis.fr\" target=\"_blank\" rel=\"noopener\">WP Paris<\/a>.<\/p>\n<p>En savoir plus sur <a href=\"https:\/\/2018.paris.wordcamp.org\/2017\/12\/19\/eric-martin-et-la-logistique\/\">\u00c9ric<\/a>.<\/p>\n\t\t\t\t<\/div>\n\t\t\t<\/div>\n\n\t\t\n\t<\/div><!-- .wcorg-organizers -->\n\t\n","protected":false},"excerpt":{"rendered":"<p>Coordination de l\u2019ensemble Animation des Orateur\u00b7e\u00b7s Encadrement des b\u00e9n\u00e9voles Design Soin des participant\u00b7e\u00b7s Sponsors Promotion Photos \u2013 Vid\u00e9os Logistique<\/p>\n","protected":false},"author":6594935,"featured_media":0,"parent":0,"menu_order":0,"comment_status":"closed","ping_status":"closed","template":"","meta":{"_crdt_document":"","jetpack_post_was_ever_published":false,"footnotes":""},"class_list":["post-12","page","type-page","status-publish","hentry"],"jetpack_sharing_enabled":true,"jetpack_shortlink":"https:\/\/wp.me\/P91XyD-c","_links":{"self":[{"href":"https:\/\/paris.wordcamp.org\/2018\/wp-json\/wp\/v2\/pages\/12","targetHints":{"allow":["GET"]}}],"collection":[{"href":"https:\/\/paris.wordcamp.org\/2018\/wp-json\/wp\/v2\/pages"}],"about":[{"href":"https:\/\/paris.wordcamp.org\/2018\/wp-json\/wp\/v2\/types\/page"}],"author":[{"embeddable":true,"href":"https:\/\/paris.wordcamp.org\/2018\/wp-json\/wp\/v2\/users\/6594935"}],"replies":[{"embeddable":true,"href":"https:\/\/paris.wordcamp.org\/2018\/wp-json\/wp\/v2\/comments?post=12"}],"version-history":[{"count":9,"href":"https:\/\/paris.wordcamp.org\/2018\/wp-json\/wp\/v2\/pages\/12\/revisions"}],"predecessor-version":[{"id":2317,"href":"https:\/\/paris.wordcamp.org\/2018\/wp-json\/wp\/v2\/pages\/12\/revisions\/2317"}],"wp:attachment":[{"href":"https:\/\/paris.wordcamp.org\/2018\/wp-json\/wp\/v2\/media?parent=12"}],"curies":[{"name":"wp","href":"https:\/\/api.w.org\/{rel}","templated":true}]}}