{"id":292155,"date":"2013-12-07T11:44:42","date_gmt":"2013-12-07T10:44:42","guid":{"rendered":"https:\/\/2014.paris.wordcamp.org\/?post_type=wcb_speaker&#038;p=292155"},"modified":"2013-12-19T10:17:20","modified_gmt":"2013-12-19T09:17:20","slug":"bastien-ho","status":"publish","type":"wcb_speaker","link":"https:\/\/paris.wordcamp.org\/2014\/speaker\/bastien-ho\/","title":{"rendered":"Bastien Ho"},"content":{"rendered":"<p>Graphiste \u00e0 ses d\u00e9buts, cursus artistique d\u00e8s le lyc\u00e9e, il int\u00e8gre durant cette p\u00e9riode plusieurs \u00ab\u00a0possees\u00a0\u00bb ou groupes de graffeurs. La production quasi boulimique de peintures en fresques collectives. C&rsquo;est aussi le moment de participer 2 fois au festival d&rsquo;Angoul\u00eame o\u00f9 il est s\u00e9lectionn\u00e9 \u00e0 chaque fois dans sa cat\u00e9gorie (scolaire puis jeune talent). Apr\u00e8s le bac, la fac en arts appliqu\u00e9s et plastiques&#8230; La rencontre de son actuel associ\u00e9, les projets artistiques et la cr\u00e9ation d&rsquo;une agence de communication en 2003. Autodidacte en d\u00e9veloppement, il se perfectionne surtout le d\u00e9veloppement d&rsquo;Adeli : un CMS initialement fait pour faciliter la gestion interne, qui \u00e0 force d&rsquo;am\u00e9lioration permet la gestion de plus d&rsquo;une centaine de sites, e-boutiques, portails.<br \/>\nBastien d\u00e9cide de rejoindre Europe \u00c9cologie les Verts (fra\u00eechement fusionn\u00e9s) pour s&rsquo;investir davantage personnellement. Par militantisme il apporte son savoir-faire sur internet b\u00e9n\u00e9volement, apr\u00e8s le travail (ce qui pour un ind\u00e9pendant commence tard), mais tr\u00e8s vite, les enjeux et \u00e9ch\u00e9ances du parti sont tels qu&rsquo;on lui propose de rejoindre l&rsquo;\u00e9quipe interne de d\u00e9veloppement. Le profil de militant travailleur ind\u00e9pendant est optimal. Par n\u00e9cessit\u00e9, Bastien s&rsquo;ouvre alors \u00e0 des outils qu&rsquo;il avait jusqu&rsquo;alors d\u00e9laiss\u00e9 : WordPress, Twitter et Facebook. Vite \u00e0 l&rsquo;aise dans l&rsquo;environnement de WordPress, \u00ab\u00a0fa\u00e7onn\u00e9\u00a0\u00bb pour le travail collectif, il contribue \u00e0 la premi\u00e8re plate-forme mutualis\u00e9e de sites du parti, d\u00e9veloppe des extensions r\u00e9pondant aux besoins particuliers, puis diffuse ceux dont le sujet est assez g\u00e9n\u00e9ral pour servir \u00e0 la communaut\u00e9. Depuis, le projet Adeli a \u00e9t\u00e9 abandonn\u00e9 pour se concentrer sur la personnalisation d&rsquo;installation WordPress.<\/p>\n","protected":false},"excerpt":{"rendered":"<p>Graphiste \u00e0 ses d\u00e9buts, cursus artistique d\u00e8s le lyc\u00e9e, il int\u00e8gre durant cette p\u00e9riode plusieurs \u00ab\u00a0possees\u00a0\u00bb ou groupes de graffeurs. La production quasi boulimique de peintures en fresques collectives. C&rsquo;est aussi le moment de participer 2 fois au festival d&rsquo;Angoul\u00eame o\u00f9 il est s\u00e9lectionn\u00e9 \u00e0 chaque fois dans sa cat\u00e9gorie (scolaire puis jeune talent). Apr\u00e8s &hellip; <a href=\"https:\/\/paris.wordcamp.org\/2014\/speaker\/bastien-ho\/\" class=\"more-link\">Continuer la lecture de <span class=\"screen-reader-text\">Bastien Ho<\/span> <span class=\"meta-nav\">&rarr;<\/span><\/a><\/p>\n","protected":false},"author":1792440,"featured_media":0,"comment_status":"closed","ping_status":"closed","template":"","meta":{"_crdt_document":"","jetpack_post_was_ever_published":false,"_wcpt_user_name":"","footnotes":""},"speaker_group":[],"class_list":["post-292155","wcb_speaker","type-wcb_speaker","status-publish","hentry"],"jetpack_sharing_enabled":true,"avatar_urls":{"24":"https:\/\/secure.gravatar.com\/avatar\/77fac8077dcd7f2bef96f4046159f66e4663feffe5880e661252ce51c3335964?s=24&d=mm&r=g","48":"https:\/\/secure.gravatar.com\/avatar\/77fac8077dcd7f2bef96f4046159f66e4663feffe5880e661252ce51c3335964?s=48&d=mm&r=g","96":"https:\/\/secure.gravatar.com\/avatar\/77fac8077dcd7f2bef96f4046159f66e4663feffe5880e661252ce51c3335964?s=96&d=mm&r=g","128":"https:\/\/secure.gravatar.com\/avatar\/77fac8077dcd7f2bef96f4046159f66e4663feffe5880e661252ce51c3335964?s=128&d=mm&r=g","256":"https:\/\/secure.gravatar.com\/avatar\/77fac8077dcd7f2bef96f4046159f66e4663feffe5880e661252ce51c3335964?s=256&d=mm&r=g","512":"https:\/\/secure.gravatar.com\/avatar\/77fac8077dcd7f2bef96f4046159f66e4663feffe5880e661252ce51c3335964?s=512&d=mm&r=g"},"_links":{"self":[{"href":"https:\/\/paris.wordcamp.org\/2014\/wp-json\/wp\/v2\/speakers\/292155","targetHints":{"allow":["GET"]}}],"collection":[{"href":"https:\/\/paris.wordcamp.org\/2014\/wp-json\/wp\/v2\/speakers"}],"about":[{"href":"https:\/\/paris.wordcamp.org\/2014\/wp-json\/wp\/v2\/types\/wcb_speaker"}],"author":[{"embeddable":true,"href":"https:\/\/paris.wordcamp.org\/2014\/wp-json\/wp\/v2\/users\/1792440"}],"replies":[{"embeddable":true,"href":"https:\/\/paris.wordcamp.org\/2014\/wp-json\/wp\/v2\/comments?post=292155"}],"version-history":[{"count":4,"href":"https:\/\/paris.wordcamp.org\/2014\/wp-json\/wp\/v2\/speakers\/292155\/revisions"}],"predecessor-version":[{"id":347954,"href":"https:\/\/paris.wordcamp.org\/2014\/wp-json\/wp\/v2\/speakers\/292155\/revisions\/347954"}],"sessions":[{"embeddable":true,"href":"https:\/\/paris.wordcamp.org\/2014\/wp-json\/wp\/v2\/sessions\/292194?_embed=1&context=view"}],"wp:attachment":[{"href":"https:\/\/paris.wordcamp.org\/2014\/wp-json\/wp\/v2\/media?parent=292155"}],"wp:term":[{"taxonomy":"wcb_speaker_group","embeddable":true,"href":"https:\/\/paris.wordcamp.org\/2014\/wp-json\/wp\/v2\/speaker_group?post=292155"}],"curies":[{"name":"wp","href":"https:\/\/api.w.org\/{rel}","templated":true}]}}